{"id":2074,"date":"2026-03-21T15:46:44","date_gmt":"2026-03-21T15:46:44","guid":{"rendered":"https:\/\/creasdemy.fr\/?post_type=product&#038;p=2074"},"modified":"2026-03-21T15:46:45","modified_gmt":"2026-03-21T15:46:45","slug":"boucles-doreilles-ovales","status":"publish","type":"product","link":"https:\/\/creasdemy.fr\/index.php\/product\/boucles-doreilles-ovales\/","title":{"rendered":"Boucles d\u2019oreilles ovales"},"content":{"rendered":"<p data-start=\"79\" data-end=\"143\"><strong data-start=\"79\" data-end=\"143\">Boucles d\u2019oreilles ovales \u2013 \u00c9l\u00e9gance et confort au quotidien<\/strong><\/p>\n<p data-start=\"145\" data-end=\"372\">Apportez une touche de raffinement \u00e0 votre style avec ces boucles d\u2019oreilles ovales au design intemporel. Leur forme douce et harmonieuse sublime le visage tout en restant discr\u00e8te et \u00e9l\u00e9gante, id\u00e9ale pour toutes les occasions.<\/p>\n<p data-start=\"374\" data-end=\"568\">Con\u00e7ues pour un confort optimal, elles sont \u00e9quip\u00e9es d\u2019un <strong data-start=\"432\" data-end=\"461\">fermoir anti-allerg\u00e9nique<\/strong>, parfaitement adapt\u00e9 aux peaux sensibles. Vous pouvez les porter toute la journ\u00e9e sans g\u00eane ni irritation.<\/p>\n<p data-start=\"570\" data-end=\"596\">\u2728 <strong data-start=\"572\" data-end=\"594\">Caract\u00e9ristiques :<\/strong><\/p>\n<ul data-start=\"597\" data-end=\"757\">\n<li data-section-id=\"aovkus\" data-start=\"597\" data-end=\"632\">Forme ovale \u00e9l\u00e9gante et moderne<\/li>\n<li data-section-id=\"necq0t\" data-start=\"633\" data-end=\"666\">L\u00e9g\u00e8res et agr\u00e9ables \u00e0 porter<\/li>\n<li data-section-id=\"stgx29\" data-start=\"667\" data-end=\"696\">Fermoir anti-allerg\u00e9nique<\/li>\n<li data-section-id=\"1i65za0\" data-start=\"697\" data-end=\"757\">Id\u00e9ales pour un usage quotidien ou une occasion sp\u00e9ciale<\/li>\n<\/ul>\n<p data-start=\"759\" data-end=\"831\">Un bijou simple et chic qui s\u2019accorde facilement avec toutes vos tenues.<\/p>\n","protected":false},"excerpt":{"rendered":"<p>Boucles d\u2019oreilles ovales \u2013 \u00c9l\u00e9gance et confort au quotidien Apportez une touche de raffinement \u00e0 votre style avec ces boucles [&hellip;]<\/p>\n","protected":false},"featured_media":2083,"comment_status":"open","ping_status":"closed","template":"","meta":{"site-sidebar-layout":"default","site-content-layout":"","ast-site-content-layout":"default","site-content-style":"default","site-sidebar-style":"default","ast-global-header-display":"","ast-banner-title-visibility":"","ast-main-header-display":"","ast-hfb-above-header-display":"","ast-hfb-below-header-display":"","ast-hfb-mobile-header-display":"","site-post-title":"","ast-breadcrumbs-content":"","ast-featured-img":"","footer-sml-layout":"","ast-disable-related-posts":"","theme-transparent-header-meta":"default","adv-header-id-meta":"","stick-header-meta":"","header-above-stick-meta":"","header-main-stick-meta":"","header-below-stick-meta":"","astra-migrate-meta-layouts":"set","ast-page-background-enabled":"default","ast-page-background-meta":{"desktop":{"background-color":"var(--ast-global-color-5)","background-image":"","background-repeat":"repeat","background-position":"center center","background-size":"auto","background-attachment":"scroll","background-type":"","background-media":"","overlay-type":"","overlay-color":"","overlay-opacity":"","overlay-gradient":""},"tablet":{"background-color":"","background-image":"","background-repeat":"repeat","background-position":"center center","background-size":"auto","background-attachment":"scroll","background-type":"","background-media":"","overlay-type":"","overlay-color":"","overlay-opacity":"","overlay-gradient":""},"mobile":{"background-color":"","background-image":"","background-repeat":"repeat","background-position":"center center","background-size":"auto","background-attachment":"scroll","background-type":"","background-media":"","overlay-type":"","overlay-color":"","overlay-opacity":"","overlay-gradient":""}},"ast-content-background-meta":{"desktop":{"background-color":"var(--ast-global-color-4)","background-image":"","background-repeat":"repeat","background-position":"center center","background-size":"auto","background-attachment":"scroll","background-type":"","background-media":"","overlay-type":"","overlay-color":"","overlay-opacity":"","overlay-gradient":""},"tablet":{"background-color":"var(--ast-global-color-4)","background-image":"","background-repeat":"repeat","background-position":"center center","background-size":"auto","background-attachment":"scroll","background-type":"","background-media":"","overlay-type":"","overlay-color":"","overlay-opacity":"","overlay-gradient":""},"mobile":{"background-color":"var(--ast-global-color-4)","background-image":"","background-repeat":"repeat","background-position":"center center","background-size":"auto","background-attachment":"scroll","background-type":"","background-media":"","overlay-type":"","overlay-color":"","overlay-opacity":"","overlay-gradient":""}}},"product_brand":[],"product_cat":[22],"product_tag":[],"class_list":{"0":"post-2074","1":"product","2":"type-product","3":"status-publish","4":"has-post-thumbnail","6":"product_cat-boucles-doreilles","7":"desktop-align-left","8":"tablet-align-left","9":"mobile-align-left","11":"first","12":"instock","13":"shipping-taxable","14":"purchasable","15":"product-type-variable"},"jetpack_sharing_enabled":true,"_links":{"self":[{"href":"https:\/\/creasdemy.fr\/index.php\/wp-json\/wp\/v2\/product\/2074","targetHints":{"allow":["GET"]}}],"collection":[{"href":"https:\/\/creasdemy.fr\/index.php\/wp-json\/wp\/v2\/product"}],"about":[{"href":"https:\/\/creasdemy.fr\/index.php\/wp-json\/wp\/v2\/types\/product"}],"replies":[{"embeddable":true,"href":"https:\/\/creasdemy.fr\/index.php\/wp-json\/wp\/v2\/comments?post=2074"}],"wp:featuredmedia":[{"embeddable":true,"href":"https:\/\/creasdemy.fr\/index.php\/wp-json\/wp\/v2\/media\/2083"}],"wp:attachment":[{"href":"https:\/\/creasdemy.fr\/index.php\/wp-json\/wp\/v2\/media?parent=2074"}],"wp:term":[{"taxonomy":"product_brand","embeddable":true,"href":"https:\/\/creasdemy.fr\/index.php\/wp-json\/wp\/v2\/product_brand?post=2074"},{"taxonomy":"product_cat","embeddable":true,"href":"https:\/\/creasdemy.fr\/index.php\/wp-json\/wp\/v2\/product_cat?post=2074"},{"taxonomy":"product_tag","embeddable":true,"href":"https:\/\/creasdemy.fr\/index.php\/wp-json\/wp\/v2\/product_tag?post=2074"}],"curies":[{"name":"wp","href":"https:\/\/api.w.org\/{rel}","templated":true}]}}